{"id":42820,"date":"2024-06-25T12:56:49","date_gmt":"2024-06-25T12:56:49","guid":{"rendered":"https:\/\/place-add.nl\/product\/bestekzakjes-eco-gekleurd\/"},"modified":"2025-07-02T12:06:16","modified_gmt":"2025-07-02T12:06:16","slug":"eco-farb-bestecktaschen","status":"publish","type":"product","link":"https:\/\/place-add.nl\/de\/produkt\/eco-farb-bestecktaschen\/","title":{"rendered":"ECO Farb-Bestecktaschen"},"content":{"rendered":"<p>Treffen Sie eine gr\u00fcne Wahl mit unseren <strong>ECO Farb-Bestecktaschen<\/strong>! Diese umweltfreundliche L\u00f6sung kombiniert praktischen Nutzen mit einer stilvollen Pr\u00e4sentation. Hergestellt aus 100% recyceltem Material, bieten unsere unbedruckten Taschen eine elegante M\u00f6glichkeit, Ihr Besteck anzubieten, perfekt f\u00fcr jeden Anlass.<\/p>\n<p><strong>Warum sollten Sie sich f\u00fcr unsere ECO Farb-Bestecktaschen entscheiden?<\/strong><\/p>\n<p>Unsere &#8216;Classic&#8217;-Taschen sind in einer Vielzahl von Farben erh\u00e4ltlich und verf\u00fcgen jeweils \u00fcber ein weiches 2-lagiges Tissue-Serviette mit den Ma\u00dfen 20 x 8,5 cm. Sie k\u00f6nnen aus den folgenden Farbkombinationen w\u00e4hlen:<\/p>\n<ul>\n<li><strong>ECO Schwarz<\/strong> mit wei\u00dfem Serviette<\/li>\n<li><strong>ECO Braun<\/strong> (ungebleicht) mit ECO braunem Serviette<\/li>\n<li><strong>ECO Blau<\/strong> mit champagnerfarbenem Serviette<\/li>\n<li><strong>ECO Gr\u00fcn<\/strong> mit wei\u00dfem Serviette<\/li>\n<li><strong>ECO Bordeaux <\/strong>mit champagnerfarbenem Serviette<\/li>\n<\/ul>\n<p><strong>Verpackung:<\/strong><\/p>\n<p><strong>1 St\u00fcck = 1 Karton mit 500 St\u00fcck<\/strong><\/p>\n<p>Schauen Sie sich unsere luxuri\u00f6seren<strong><a href=\"https:\/\/place-add.nl\/de\/bedruckte-einwegartikel\/servietten-bedrucken\/airlaid-mit-banderole\/\"> Napperole mit Airlaid-Serviette<\/a><\/strong> an!<\/p>\n<p>Unsere <strong>ECO Farb-Bestecktaschen<\/strong> sind auch \u00fcber unsere zweite Website <strong><a href=\"https:\/\/www.craftontable.com\/collections\">Craftontable.com<\/a> <\/strong>bestellbar.<\/p>\n<p>F\u00fcr Druckoptionen und pers\u00f6nliche Angebote k\u00f6nnen Sie ebenfalls <strong><a href=\"https:\/\/place-add.nl\/de\/kontakt\/\">Kontakt<\/a> <\/strong>mit uns aufnehmen. Unser engagiertes Team steht bereit, um Ihnen bei der Wahl der perfekten L\u00f6sung f\u00fcr Ihre spezifischen Bed\u00fcrfnisse zu helfen.<\/p>\n<p><button id=\"knop-contact-opnemen-overige-producten-de\">Kontaktieren Sie uns unverbindlich<\/button><\/p>\n","protected":false},"excerpt":{"rendered":"<p>W\u00e4hlen Sie aus einer Vielzahl von Farben und genie\u00dfen Sie die nachhaltige Qualit\u00e4t unserer \u201eClassic\u201c-Taschen, jede ausgestattet mit einer weichen 2-lagigen Tissue-Serviette von 20 x 8,5 cm. Bestellen Sie noch heute und erhalten Sie Ihre Taschen schnell nach Hause. F\u00fcr Druckoptionen und pers\u00f6nliche Angebote kontaktieren Sie uns bitte. Entdecken Sie mehr \u00fcber unsere bedruckten ECO Bestecktaschen, indem Sie unten klicken.<\/p>\n<p><strong>Die unbedruckte ECO Bestecktasche ist in folgenden Farben erh\u00e4ltlich:<\/strong><\/p>\n<ul>\n<li>ECO Schwarz, mit wei\u00dfer Serviette<\/li>\n<li>ECO Braun (ungebleicht), mit brauner ECO Serviette<\/li>\n<li>ECO Blau, mit champagnerfarbener Serviette<\/li>\n<li>ECO Gr\u00fcn, mit wei\u00dfer Serviette<\/li>\n<li>ECO Bordeaux, mit champagnerfarbener Serviette<\/li>\n<\/ul>\n<p><strong>1 St\u00fcck = 1 Karton mit 500 St\u00fcck<\/strong><\/p>\n<p><button id=\"knop-contact-opnemen-overige-producten-de\">Kontaktieren Sie uns unverbindlich<\/button><\/p>\n","protected":false},"featured_media":38236,"template":"","meta":[],"product_brand":[],"product_cat":[856],"product_tag":[1280,1148,1398],"class_list":{"0":"post-42820","1":"product","2":"type-product","3":"status-publish","4":"has-post-thumbnail","6":"product_cat-bestecktaschen-einwegartikel-webshop","7":"product_tag-farbige-bestecktaschen","8":"product_tag-oko-bestecktaschen","9":"product_tag-unbedruckte-bestecktaschen","11":"first","12":"instock","13":"taxable","14":"shipping-taxable","15":"purchasable","16":"product-type-variable"},"yoast_head":"<!-- This site is optimized with the Yoast SEO Premium plugin v27.2 (Yoast SEO v27.2) - https:\/\/yoast.com\/product\/yoast-seo-premium-wordpress\/ -->\n<title>ECO Farb-Bestecktaschen | Place Add | F\u00fcr die Gastronomie<\/title>\n<meta name=\"description\" content=\"Bestecktaschen in ECO-Farben: praktisch, stilvoll und aus 100% recyceltem Material hergestellt. W\u00e4hlen Sie die Farbe und bestellen Sie schnell.\" \/>\n<meta name=\"robots\" content=\"index, follow, max-snippet:-1, max-image-preview:large, max-video-preview:-1\" \/>\n<link rel=\"canonical\" href=\"https:\/\/place-add.nl\/de\/produkt\/eco-farb-bestecktaschen\/\" \/>\n<meta property=\"og:locale\" content=\"de_DE\" \/>\n<meta property=\"og:type\" content=\"article\" \/>\n<meta property=\"og:title\" content=\"ECO Farb-Bestecktaschen\" \/>\n<meta property=\"og:description\" content=\"Bestecktaschen in ECO-Farben: praktisch, stilvoll und aus 100% recyceltem Material hergestellt. W\u00e4hlen Sie die Farbe und bestellen Sie schnell.\" \/>\n<meta property=\"og:url\" content=\"https:\/\/place-add.nl\/de\/produkt\/eco-farb-bestecktaschen\/\" \/>\n<meta property=\"og:site_name\" content=\"Place Add\" \/>\n<meta property=\"article:publisher\" content=\"https:\/\/www.facebook.com\/PlaceAdd\/\" \/>\n<meta property=\"article:modified_time\" content=\"2025-07-02T12:06:16+00:00\" \/>\n<meta property=\"og:image\" content=\"https:\/\/place-add.nl\/wp-content\/uploads\/2024\/06\/Onbedrukt_ECO_Black_Bestekzakje_Place_Add_1.jpg\" \/>\n\t<meta property=\"og:image:width\" content=\"800\" \/>\n\t<meta property=\"og:image:height\" content=\"800\" \/>\n\t<meta property=\"og:image:type\" content=\"image\/jpeg\" \/>\n<meta name=\"twitter:card\" content=\"summary_large_image\" \/>\n<meta name=\"twitter:label1\" content=\"Gesch\u00e4tzte Lesezeit\" \/>\n\t<meta name=\"twitter:data1\" content=\"2\u00a0Minuten\" \/>\n<script type=\"application\/ld+json\" class=\"yoast-schema-graph\">{\"@context\":\"https:\/\/schema.org\",\"@graph\":[{\"@type\":\"WebPage\",\"@id\":\"https:\/\/place-add.nl\/de\/produkt\/eco-farb-bestecktaschen\/\",\"url\":\"https:\/\/place-add.nl\/de\/produkt\/eco-farb-bestecktaschen\/\",\"name\":\"ECO Farb-Bestecktaschen | Place Add | F\u00fcr die Gastronomie\",\"isPartOf\":{\"@id\":\"https:\/\/place-add.nl\/de\/#website\"},\"primaryImageOfPage\":{\"@id\":\"https:\/\/place-add.nl\/de\/produkt\/eco-farb-bestecktaschen\/#primaryimage\"},\"image\":{\"@id\":\"https:\/\/place-add.nl\/de\/produkt\/eco-farb-bestecktaschen\/#primaryimage\"},\"thumbnailUrl\":\"https:\/\/place-add.nl\/wp-content\/uploads\/2024\/06\/Onbedrukt_ECO_Black_Bestekzakje_Place_Add_1.jpg\",\"datePublished\":\"2024-06-25T12:56:49+00:00\",\"dateModified\":\"2025-07-02T12:06:16+00:00\",\"description\":\"Bestecktaschen in ECO-Farben: praktisch, stilvoll und aus 100% recyceltem Material hergestellt. W\u00e4hlen Sie die Farbe und bestellen Sie schnell.\",\"breadcrumb\":{\"@id\":\"https:\/\/place-add.nl\/de\/produkt\/eco-farb-bestecktaschen\/#breadcrumb\"},\"inLanguage\":\"de\",\"potentialAction\":[{\"@type\":\"ReadAction\",\"target\":[\"https:\/\/place-add.nl\/de\/produkt\/eco-farb-bestecktaschen\/\"]}]},{\"@type\":\"ImageObject\",\"inLanguage\":\"de\",\"@id\":\"https:\/\/place-add.nl\/de\/produkt\/eco-farb-bestecktaschen\/#primaryimage\",\"url\":\"https:\/\/place-add.nl\/wp-content\/uploads\/2024\/06\/Onbedrukt_ECO_Black_Bestekzakje_Place_Add_1.jpg\",\"contentUrl\":\"https:\/\/place-add.nl\/wp-content\/uploads\/2024\/06\/Onbedrukt_ECO_Black_Bestekzakje_Place_Add_1.jpg\",\"width\":800,\"height\":800,\"caption\":\"Bestekzakjes ECO gekleurd\"},{\"@type\":\"BreadcrumbList\",\"@id\":\"https:\/\/place-add.nl\/de\/produkt\/eco-farb-bestecktaschen\/#breadcrumb\",\"itemListElement\":[{\"@type\":\"ListItem\",\"position\":1,\"name\":\"Home\",\"item\":\"https:\/\/place-add.nl\/de\/home\/\"},{\"@type\":\"ListItem\",\"position\":2,\"name\":\"Shop\",\"item\":\"https:\/\/place-add.nl\/de\/shop\/\"},{\"@type\":\"ListItem\",\"position\":3,\"name\":\"ECO Farb-Bestecktaschen\"}]},{\"@type\":\"WebSite\",\"@id\":\"https:\/\/place-add.nl\/de\/#website\",\"url\":\"https:\/\/place-add.nl\/de\/\",\"name\":\"Place Add\",\"description\":\"Tafelkleding voor de horeca\",\"publisher\":{\"@id\":\"https:\/\/place-add.nl\/de\/#organization\"},\"potentialAction\":[{\"@type\":\"SearchAction\",\"target\":{\"@type\":\"EntryPoint\",\"urlTemplate\":\"https:\/\/place-add.nl\/de\/?s={search_term_string}\"},\"query-input\":{\"@type\":\"PropertyValueSpecification\",\"valueRequired\":true,\"valueName\":\"search_term_string\"}}],\"inLanguage\":\"de\"},{\"@type\":\"Organization\",\"@id\":\"https:\/\/place-add.nl\/de\/#organization\",\"name\":\"Place Add\",\"url\":\"https:\/\/place-add.nl\/de\/\",\"logo\":{\"@type\":\"ImageObject\",\"inLanguage\":\"de\",\"@id\":\"https:\/\/place-add.nl\/de\/#\/schema\/logo\/image\/\",\"url\":\"https:\/\/place-add.nl\/wp-content\/uploads\/2023\/11\/logo-img-place-add.png\",\"contentUrl\":\"https:\/\/place-add.nl\/wp-content\/uploads\/2023\/11\/logo-img-place-add.png\",\"width\":404,\"height\":106,\"caption\":\"Place Add\"},\"image\":{\"@id\":\"https:\/\/place-add.nl\/de\/#\/schema\/logo\/image\/\"},\"sameAs\":[\"https:\/\/www.facebook.com\/PlaceAdd\/\",\"https:\/\/www.instagram.com\/place_add\/\",\"https:\/\/www.youtube.com\/@placeadd\"]}]}<\/script>\n<!-- \/ Yoast SEO Premium plugin. -->","yoast_head_json":{"title":"ECO Farb-Bestecktaschen | Place Add | F\u00fcr die Gastronomie","description":"Bestecktaschen in ECO-Farben: praktisch, stilvoll und aus 100% recyceltem Material hergestellt. W\u00e4hlen Sie die Farbe und bestellen Sie schnell.","robots":{"index":"index","follow":"follow","max-snippet":"max-snippet:-1","max-image-preview":"max-image-preview:large","max-video-preview":"max-video-preview:-1"},"canonical":"https:\/\/place-add.nl\/de\/produkt\/eco-farb-bestecktaschen\/","og_locale":"de_DE","og_type":"article","og_title":"ECO Farb-Bestecktaschen","og_description":"Bestecktaschen in ECO-Farben: praktisch, stilvoll und aus 100% recyceltem Material hergestellt. W\u00e4hlen Sie die Farbe und bestellen Sie schnell.","og_url":"https:\/\/place-add.nl\/de\/produkt\/eco-farb-bestecktaschen\/","og_site_name":"Place Add","article_publisher":"https:\/\/www.facebook.com\/PlaceAdd\/","article_modified_time":"2025-07-02T12:06:16+00:00","og_image":[{"width":800,"height":800,"url":"https:\/\/place-add.nl\/wp-content\/uploads\/2024\/06\/Onbedrukt_ECO_Black_Bestekzakje_Place_Add_1.jpg","type":"image\/jpeg"}],"twitter_card":"summary_large_image","twitter_misc":{"Gesch\u00e4tzte Lesezeit":"2\u00a0Minuten"},"schema":{"@context":"https:\/\/schema.org","@graph":[{"@type":"WebPage","@id":"https:\/\/place-add.nl\/de\/produkt\/eco-farb-bestecktaschen\/","url":"https:\/\/place-add.nl\/de\/produkt\/eco-farb-bestecktaschen\/","name":"ECO Farb-Bestecktaschen | Place Add | F\u00fcr die Gastronomie","isPartOf":{"@id":"https:\/\/place-add.nl\/de\/#website"},"primaryImageOfPage":{"@id":"https:\/\/place-add.nl\/de\/produkt\/eco-farb-bestecktaschen\/#primaryimage"},"image":{"@id":"https:\/\/place-add.nl\/de\/produkt\/eco-farb-bestecktaschen\/#primaryimage"},"thumbnailUrl":"https:\/\/place-add.nl\/wp-content\/uploads\/2024\/06\/Onbedrukt_ECO_Black_Bestekzakje_Place_Add_1.jpg","datePublished":"2024-06-25T12:56:49+00:00","dateModified":"2025-07-02T12:06:16+00:00","description":"Bestecktaschen in ECO-Farben: praktisch, stilvoll und aus 100% recyceltem Material hergestellt. W\u00e4hlen Sie die Farbe und bestellen Sie schnell.","breadcrumb":{"@id":"https:\/\/place-add.nl\/de\/produkt\/eco-farb-bestecktaschen\/#breadcrumb"},"inLanguage":"de","potentialAction":[{"@type":"ReadAction","target":["https:\/\/place-add.nl\/de\/produkt\/eco-farb-bestecktaschen\/"]}]},{"@type":"ImageObject","inLanguage":"de","@id":"https:\/\/place-add.nl\/de\/produkt\/eco-farb-bestecktaschen\/#primaryimage","url":"https:\/\/place-add.nl\/wp-content\/uploads\/2024\/06\/Onbedrukt_ECO_Black_Bestekzakje_Place_Add_1.jpg","contentUrl":"https:\/\/place-add.nl\/wp-content\/uploads\/2024\/06\/Onbedrukt_ECO_Black_Bestekzakje_Place_Add_1.jpg","width":800,"height":800,"caption":"Bestekzakjes ECO gekleurd"},{"@type":"BreadcrumbList","@id":"https:\/\/place-add.nl\/de\/produkt\/eco-farb-bestecktaschen\/#breadcrumb","itemListElement":[{"@type":"ListItem","position":1,"name":"Home","item":"https:\/\/place-add.nl\/de\/home\/"},{"@type":"ListItem","position":2,"name":"Shop","item":"https:\/\/place-add.nl\/de\/shop\/"},{"@type":"ListItem","position":3,"name":"ECO Farb-Bestecktaschen"}]},{"@type":"WebSite","@id":"https:\/\/place-add.nl\/de\/#website","url":"https:\/\/place-add.nl\/de\/","name":"Place Add","description":"Tafelkleding voor de horeca","publisher":{"@id":"https:\/\/place-add.nl\/de\/#organization"},"potentialAction":[{"@type":"SearchAction","target":{"@type":"EntryPoint","urlTemplate":"https:\/\/place-add.nl\/de\/?s={search_term_string}"},"query-input":{"@type":"PropertyValueSpecification","valueRequired":true,"valueName":"search_term_string"}}],"inLanguage":"de"},{"@type":"Organization","@id":"https:\/\/place-add.nl\/de\/#organization","name":"Place Add","url":"https:\/\/place-add.nl\/de\/","logo":{"@type":"ImageObject","inLanguage":"de","@id":"https:\/\/place-add.nl\/de\/#\/schema\/logo\/image\/","url":"https:\/\/place-add.nl\/wp-content\/uploads\/2023\/11\/logo-img-place-add.png","contentUrl":"https:\/\/place-add.nl\/wp-content\/uploads\/2023\/11\/logo-img-place-add.png","width":404,"height":106,"caption":"Place Add"},"image":{"@id":"https:\/\/place-add.nl\/de\/#\/schema\/logo\/image\/"},"sameAs":["https:\/\/www.facebook.com\/PlaceAdd\/","https:\/\/www.instagram.com\/place_add\/","https:\/\/www.youtube.com\/@placeadd"]}]}},"_links":{"self":[{"href":"https:\/\/place-add.nl\/de\/wp-json\/wp\/v2\/product\/42820","targetHints":{"allow":["GET"]}}],"collection":[{"href":"https:\/\/place-add.nl\/de\/wp-json\/wp\/v2\/product"}],"about":[{"href":"https:\/\/place-add.nl\/de\/wp-json\/wp\/v2\/types\/product"}],"wp:featuredmedia":[{"embeddable":true,"href":"https:\/\/place-add.nl\/de\/wp-json\/wp\/v2\/media\/38236"}],"wp:attachment":[{"href":"https:\/\/place-add.nl\/de\/wp-json\/wp\/v2\/media?parent=42820"}],"wp:term":[{"taxonomy":"product_brand","embeddable":true,"href":"https:\/\/place-add.nl\/de\/wp-json\/wp\/v2\/product_brand?post=42820"},{"taxonomy":"product_cat","embeddable":true,"href":"https:\/\/place-add.nl\/de\/wp-json\/wp\/v2\/product_cat?post=42820"},{"taxonomy":"product_tag","embeddable":true,"href":"https:\/\/place-add.nl\/de\/wp-json\/wp\/v2\/product_tag?post=42820"}],"curies":[{"name":"wp","href":"https:\/\/api.w.org\/{rel}","templated":true}]}}