{"id":43132,"date":"2024-06-17T17:22:17","date_gmt":"2024-06-17T17:22:17","guid":{"rendered":"https:\/\/place-add.nl\/product\/bedrukte-airlaid-pochette\/"},"modified":"2025-07-09T12:45:29","modified_gmt":"2025-07-09T12:45:29","slug":"bedruckte-airlaid-besteckfalt","status":"publish","type":"product","link":"https:\/\/place-add.nl\/de\/produkt\/bedruckte-airlaid-besteckfalt\/","title":{"rendered":"Airlaid Servietten besteckfaltung bedruckt"},"content":{"rendered":"<p>Die bedruckte Serviette Airlaid Pochette wurde mit einem Auge f\u00fcr Stil und Funktionalit\u00e4t entworfen und ist speziell in einer praktischen Besteckfalte gefaltet. Dank dieses Designs l\u00e4sst sich das Besteck ganz einfach in die Serviette hineinschieben und nicht auf die Serviette, so dass der stilvolle Aufdruck sichtbar bleibt. Ideal f\u00fcr den Einsatz im Gastgewerbe, wie z. B. in Restaurants, Hotels und im Catering, wo Qualit\u00e4t und Aussehen wichtig sind.<\/p>\n<p>Die bedruckten Airlaid-Taschenservietten 40&#215;33 cm sind eine erstklassige Wahl f\u00fcr Gastronomiebetriebe, die Qualit\u00e4t und Stil ausstrahlen wollen. Diese Servietten werden speziell aus Airlaid-Material hergestellt, das f\u00fcr seine stoff\u00e4hnliche Textur und sein luxuri\u00f6ses Aussehen bekannt ist, aber die Vorteile einer Einwegserviette bietet. Die Serviette ist in eine praktische Bestecktasche gefaltet, so dass sich das Besteck leicht in die Serviette einfalten l\u00e4sst. Das sieht nicht nur h\u00fcbsch aus, sondern macht das Tischdecken auch effizienter und hygienischer.<\/p>\n<p><strong>Merkmale:<\/strong><\/p>\n<p><strong>Funktionelles Design:<\/strong> Die Besteckfalte bietet eine praktische und hygienische Pr\u00e4sentation, perfekt f\u00fcr den professionellen Einsatz.<br \/>\n<strong>Luxuri\u00f6ses Aussehen:<\/strong> Das hochwertige Airlaid-Material verleiht der Serviette ein stoff\u00e4hnliches Gef\u00fchl und ein luxuri\u00f6ses Aussehen, ideal f\u00fcr formelle Anl\u00e4sse.<br \/>\n<strong>Langlebig und robust:<\/strong> Dank der hohen Grammatur (50 &#8211; 60 g\/m\u00b2) sind die Servietten robust und saugf\u00e4hig.<\/p>\n<p><strong>Verf\u00fcgbare Gr\u00f6\u00dfen und Farben:<\/strong><\/p>\n<ul>\n<li><strong>Wei\u00df<\/strong>, 40\u00d733 cm &#8211; 50 g\/m\u00b2<\/li>\n<li><strong>Schwarz<\/strong>, 40\u00d733 cm &#8211; 60 gr.\/m\u00b2<\/li>\n<li><strong>Wei\u00df<\/strong>, 40\u00d748 cm &#8211; 60 gr.\/m\u00b2<\/li>\n<\/ul>\n<p>Die bedruckte Airlaid-Pochette passt perfekt in unseren <a href=\"https:\/\/place-add.nl\/de\/produkt\/hoelzerner-serviettenhalter\/\"><strong>h\u00f6lzernen Naperole-Halter<\/strong><\/a>\u00a0f\u00fcr eine stilvolle und praktische Pr\u00e4sentation!<\/p>\n<p>Bestellen Sie Ihre unbedruckte Version <strong><a href=\"https:\/\/place-add.nl\/de\/produkt\/ungedruckte-airlaid-pochette\/\">hier<\/a><\/strong> oder \u00fcber unsere zweite Website <strong><a href=\"https:\/\/www.craftontable.com\/collections\/eco-servetten\">Craft On Table<\/a><\/strong>.<\/p>\n<p><strong>Ben\u00f6tigen Sie eine pers\u00f6nliche Beratung bei der Auswahl der richtigen Servietten f\u00fcr Ihren Anlass?<\/strong> Dann z\u00f6gern Sie nicht, uns zu <strong><a href=\"https:\/\/place-add.nl\/de\/kontakt\/\">kontaktieren<\/a><\/strong>. Unser engagiertes Team hilft Ihnen gerne, die perfekte Wahl f\u00fcr Ihre speziellen Bed\u00fcrfnisse zu treffen.<\/p>\n<p><button id=\"knop-contact-opnemen-overige-producten-de\">Kontaktieren Sie uns unverbindlich<\/button><\/p>\n","protected":false},"excerpt":{"rendered":"<p>Die <strong>Airlaid Taschenserviette<\/strong> ist auf eine spezielle Weise gefaltet, die Besteckfalte, so dass Ihr Besteck leicht eingelegt werden kann. Die Kombination einer Luxusserviette mit einer Bestecktasche ist nun m\u00f6glich, mit einem Druck, der sichtbar bleibt! Das liegt daran, dass das Besteck nicht auf der Serviette, sondern in der Serviette liegt. Ideal f\u00fcr den Einsatz in Restaurants, Hotels, Caterings und anderen gastronomischen Betrieben.<\/p>\n<p><strong>Erh\u00e4ltlich in den folgenden Gr\u00f6\u00dfen\/Farben:<\/strong><\/p>\n<ul>\n<li><strong>Wei\u00df:<\/strong> 40&#215;33 cm (50 gr.\/m\u00b2)<\/li>\n<li><strong>Schwarz:<\/strong> 40&#215;33 cm (60 gr.\/m\u00b2)<\/li>\n<li><strong>Wei\u00df:<\/strong> 40&#215;48 cm (60 gr.\/m\u00b2)<\/li>\n<\/ul>\n<p>Die Lieferzeit betr\u00e4gt 5 bis 7 Wochen.<\/p>\n<p><strong>Preise ohne Versandkosten. Diese sind (noch) nicht in den Preisen enthalten.<\/strong><\/p>\n<p><a class=\"button-custom-product\" href=\"https:\/\/place-add.nl\/wp-content\/uploads\/2025\/06\/PA-prijslijst-Airlaid-pochette-duits.pdf\" target=\"_blank\" rel=\"noopener\">Gehen Sie zu den Preisen<\/a> <button id=\"knop-contact-opnemen-overige-producten-de\">Kontaktieren Sie uns unverbindlich<\/button><\/p>\n","protected":false},"featured_media":40672,"template":"","meta":[],"product_brand":[],"product_cat":[1417,1416],"product_tag":[1233,1235,1182,1180,1181,1134,1133,1356,1250,1251],"class_list":{"0":"post-43132","1":"product","2":"type-product","3":"status-publish","4":"has-post-thumbnail","6":"product_cat-airlaid-bedruckt-de","7":"product_cat-airlaid-besteckfaltung-de","8":"product_tag-airlaid-50gramm","9":"product_tag-airlaid-60gramm","10":"product_tag-airlaid-bestecktaschen-schwarz","11":"product_tag-airlaid-bestecktaschen-servietten","12":"product_tag-airlaid-bestecktaschen-weis","13":"product_tag-airlaid-servietten","14":"product_tag-airlaid-drucken","15":"product_tag-schwarze-airlaid-servietten","16":"product_tag-servietten","17":"product_tag-servietten-bedrucken","19":"first","20":"instock","21":"taxable","22":"shipping-taxable","23":"product-type-simple"},"yoast_head":"<!-- This site is optimized with the Yoast SEO Premium plugin v27.2 (Yoast SEO v27.2) - https:\/\/yoast.com\/product\/yoast-seo-premium-wordpress\/ -->\n<title>bedruckte Airlaid besteckfalt | Place Add | F\u00fcr die Gastronomie<\/title>\n<meta name=\"description\" content=\"Entdecken Sie die bedruckte Airlaid-Pochette in Besteckfaltung f\u00fcr ein luxuri\u00f6ses Tafelerlebnis. Erh\u00e4ltlich in wei\u00df und schwarz.\" \/>\n<meta name=\"robots\" content=\"index, follow, max-snippet:-1, max-image-preview:large, max-video-preview:-1\" \/>\n<link rel=\"canonical\" href=\"https:\/\/place-add.nl\/de\/produkt\/bedruckte-airlaid-besteckfalt\/\" \/>\n<meta property=\"og:locale\" content=\"de_DE\" \/>\n<meta property=\"og:type\" content=\"article\" \/>\n<meta property=\"og:title\" content=\"Airlaid Servietten besteckfaltung bedruckt\" \/>\n<meta property=\"og:description\" content=\"Entdecken Sie die bedruckte Airlaid-Pochette in Besteckfaltung f\u00fcr ein luxuri\u00f6ses Tafelerlebnis. Erh\u00e4ltlich in wei\u00df und schwarz.\" \/>\n<meta property=\"og:url\" content=\"https:\/\/place-add.nl\/de\/produkt\/bedruckte-airlaid-besteckfalt\/\" \/>\n<meta property=\"og:site_name\" content=\"Place Add\" \/>\n<meta property=\"article:publisher\" content=\"https:\/\/www.facebook.com\/PlaceAdd\/\" \/>\n<meta property=\"article:modified_time\" content=\"2025-07-09T12:45:29+00:00\" \/>\n<meta property=\"og:image\" content=\"https:\/\/place-add.nl\/wp-content\/uploads\/2024\/06\/Bedrukt_Ailrlaid_POCHETTE_6-scaled.jpg\" \/>\n\t<meta property=\"og:image:width\" content=\"1000\" \/>\n\t<meta property=\"og:image:height\" content=\"1000\" \/>\n\t<meta property=\"og:image:type\" content=\"image\/jpeg\" \/>\n<meta name=\"twitter:card\" content=\"summary_large_image\" \/>\n<meta name=\"twitter:label1\" content=\"Gesch\u00e4tzte Lesezeit\" \/>\n\t<meta name=\"twitter:data1\" content=\"2\u00a0Minuten\" \/>\n<script type=\"application\/ld+json\" class=\"yoast-schema-graph\">{\"@context\":\"https:\/\/schema.org\",\"@graph\":[{\"@type\":\"WebPage\",\"@id\":\"https:\/\/place-add.nl\/de\/produkt\/bedruckte-airlaid-besteckfalt\/\",\"url\":\"https:\/\/place-add.nl\/de\/produkt\/bedruckte-airlaid-besteckfalt\/\",\"name\":\"bedruckte Airlaid besteckfalt | Place Add | F\u00fcr die Gastronomie\",\"isPartOf\":{\"@id\":\"https:\/\/place-add.nl\/de\/#website\"},\"primaryImageOfPage\":{\"@id\":\"https:\/\/place-add.nl\/de\/produkt\/bedruckte-airlaid-besteckfalt\/#primaryimage\"},\"image\":{\"@id\":\"https:\/\/place-add.nl\/de\/produkt\/bedruckte-airlaid-besteckfalt\/#primaryimage\"},\"thumbnailUrl\":\"https:\/\/place-add.nl\/wp-content\/uploads\/2024\/06\/Bedrukt_Ailrlaid_POCHETTE_6-scaled.jpg\",\"datePublished\":\"2024-06-17T17:22:17+00:00\",\"dateModified\":\"2025-07-09T12:45:29+00:00\",\"description\":\"Entdecken Sie die bedruckte Airlaid-Pochette in Besteckfaltung f\u00fcr ein luxuri\u00f6ses Tafelerlebnis. Erh\u00e4ltlich in wei\u00df und schwarz.\",\"breadcrumb\":{\"@id\":\"https:\/\/place-add.nl\/de\/produkt\/bedruckte-airlaid-besteckfalt\/#breadcrumb\"},\"inLanguage\":\"de\",\"potentialAction\":[{\"@type\":\"ReadAction\",\"target\":[\"https:\/\/place-add.nl\/de\/produkt\/bedruckte-airlaid-besteckfalt\/\"]}]},{\"@type\":\"ImageObject\",\"inLanguage\":\"de\",\"@id\":\"https:\/\/place-add.nl\/de\/produkt\/bedruckte-airlaid-besteckfalt\/#primaryimage\",\"url\":\"https:\/\/place-add.nl\/wp-content\/uploads\/2024\/06\/Bedrukt_Ailrlaid_POCHETTE_6-scaled.jpg\",\"contentUrl\":\"https:\/\/place-add.nl\/wp-content\/uploads\/2024\/06\/Bedrukt_Ailrlaid_POCHETTE_6-scaled.jpg\",\"width\":1000,\"height\":1000,\"caption\":\"Bedrukte Airlaid Pochette\"},{\"@type\":\"BreadcrumbList\",\"@id\":\"https:\/\/place-add.nl\/de\/produkt\/bedruckte-airlaid-besteckfalt\/#breadcrumb\",\"itemListElement\":[{\"@type\":\"ListItem\",\"position\":1,\"name\":\"Home\",\"item\":\"https:\/\/place-add.nl\/de\/home\/\"},{\"@type\":\"ListItem\",\"position\":2,\"name\":\"Shop\",\"item\":\"https:\/\/place-add.nl\/de\/shop\/\"},{\"@type\":\"ListItem\",\"position\":3,\"name\":\"Airlaid Servietten besteckfaltung bedruckt\"}]},{\"@type\":\"WebSite\",\"@id\":\"https:\/\/place-add.nl\/de\/#website\",\"url\":\"https:\/\/place-add.nl\/de\/\",\"name\":\"Place Add\",\"description\":\"Tafelkleding voor de horeca\",\"publisher\":{\"@id\":\"https:\/\/place-add.nl\/de\/#organization\"},\"potentialAction\":[{\"@type\":\"SearchAction\",\"target\":{\"@type\":\"EntryPoint\",\"urlTemplate\":\"https:\/\/place-add.nl\/de\/?s={search_term_string}\"},\"query-input\":{\"@type\":\"PropertyValueSpecification\",\"valueRequired\":true,\"valueName\":\"search_term_string\"}}],\"inLanguage\":\"de\"},{\"@type\":\"Organization\",\"@id\":\"https:\/\/place-add.nl\/de\/#organization\",\"name\":\"Place Add\",\"url\":\"https:\/\/place-add.nl\/de\/\",\"logo\":{\"@type\":\"ImageObject\",\"inLanguage\":\"de\",\"@id\":\"https:\/\/place-add.nl\/de\/#\/schema\/logo\/image\/\",\"url\":\"https:\/\/place-add.nl\/wp-content\/uploads\/2023\/11\/logo-img-place-add.png\",\"contentUrl\":\"https:\/\/place-add.nl\/wp-content\/uploads\/2023\/11\/logo-img-place-add.png\",\"width\":404,\"height\":106,\"caption\":\"Place Add\"},\"image\":{\"@id\":\"https:\/\/place-add.nl\/de\/#\/schema\/logo\/image\/\"},\"sameAs\":[\"https:\/\/www.facebook.com\/PlaceAdd\/\",\"https:\/\/www.instagram.com\/place_add\/\",\"https:\/\/www.youtube.com\/@placeadd\"]}]}<\/script>\n<!-- \/ Yoast SEO Premium plugin. -->","yoast_head_json":{"title":"bedruckte Airlaid besteckfalt | Place Add | F\u00fcr die Gastronomie","description":"Entdecken Sie die bedruckte Airlaid-Pochette in Besteckfaltung f\u00fcr ein luxuri\u00f6ses Tafelerlebnis. Erh\u00e4ltlich in wei\u00df und schwarz.","robots":{"index":"index","follow":"follow","max-snippet":"max-snippet:-1","max-image-preview":"max-image-preview:large","max-video-preview":"max-video-preview:-1"},"canonical":"https:\/\/place-add.nl\/de\/produkt\/bedruckte-airlaid-besteckfalt\/","og_locale":"de_DE","og_type":"article","og_title":"Airlaid Servietten besteckfaltung bedruckt","og_description":"Entdecken Sie die bedruckte Airlaid-Pochette in Besteckfaltung f\u00fcr ein luxuri\u00f6ses Tafelerlebnis. Erh\u00e4ltlich in wei\u00df und schwarz.","og_url":"https:\/\/place-add.nl\/de\/produkt\/bedruckte-airlaid-besteckfalt\/","og_site_name":"Place Add","article_publisher":"https:\/\/www.facebook.com\/PlaceAdd\/","article_modified_time":"2025-07-09T12:45:29+00:00","og_image":[{"width":1000,"height":1000,"url":"https:\/\/place-add.nl\/wp-content\/uploads\/2024\/06\/Bedrukt_Ailrlaid_POCHETTE_6-scaled.jpg","type":"image\/jpeg"}],"twitter_card":"summary_large_image","twitter_misc":{"Gesch\u00e4tzte Lesezeit":"2\u00a0Minuten"},"schema":{"@context":"https:\/\/schema.org","@graph":[{"@type":"WebPage","@id":"https:\/\/place-add.nl\/de\/produkt\/bedruckte-airlaid-besteckfalt\/","url":"https:\/\/place-add.nl\/de\/produkt\/bedruckte-airlaid-besteckfalt\/","name":"bedruckte Airlaid besteckfalt | Place Add | F\u00fcr die Gastronomie","isPartOf":{"@id":"https:\/\/place-add.nl\/de\/#website"},"primaryImageOfPage":{"@id":"https:\/\/place-add.nl\/de\/produkt\/bedruckte-airlaid-besteckfalt\/#primaryimage"},"image":{"@id":"https:\/\/place-add.nl\/de\/produkt\/bedruckte-airlaid-besteckfalt\/#primaryimage"},"thumbnailUrl":"https:\/\/place-add.nl\/wp-content\/uploads\/2024\/06\/Bedrukt_Ailrlaid_POCHETTE_6-scaled.jpg","datePublished":"2024-06-17T17:22:17+00:00","dateModified":"2025-07-09T12:45:29+00:00","description":"Entdecken Sie die bedruckte Airlaid-Pochette in Besteckfaltung f\u00fcr ein luxuri\u00f6ses Tafelerlebnis. Erh\u00e4ltlich in wei\u00df und schwarz.","breadcrumb":{"@id":"https:\/\/place-add.nl\/de\/produkt\/bedruckte-airlaid-besteckfalt\/#breadcrumb"},"inLanguage":"de","potentialAction":[{"@type":"ReadAction","target":["https:\/\/place-add.nl\/de\/produkt\/bedruckte-airlaid-besteckfalt\/"]}]},{"@type":"ImageObject","inLanguage":"de","@id":"https:\/\/place-add.nl\/de\/produkt\/bedruckte-airlaid-besteckfalt\/#primaryimage","url":"https:\/\/place-add.nl\/wp-content\/uploads\/2024\/06\/Bedrukt_Ailrlaid_POCHETTE_6-scaled.jpg","contentUrl":"https:\/\/place-add.nl\/wp-content\/uploads\/2024\/06\/Bedrukt_Ailrlaid_POCHETTE_6-scaled.jpg","width":1000,"height":1000,"caption":"Bedrukte Airlaid Pochette"},{"@type":"BreadcrumbList","@id":"https:\/\/place-add.nl\/de\/produkt\/bedruckte-airlaid-besteckfalt\/#breadcrumb","itemListElement":[{"@type":"ListItem","position":1,"name":"Home","item":"https:\/\/place-add.nl\/de\/home\/"},{"@type":"ListItem","position":2,"name":"Shop","item":"https:\/\/place-add.nl\/de\/shop\/"},{"@type":"ListItem","position":3,"name":"Airlaid Servietten besteckfaltung bedruckt"}]},{"@type":"WebSite","@id":"https:\/\/place-add.nl\/de\/#website","url":"https:\/\/place-add.nl\/de\/","name":"Place Add","description":"Tafelkleding voor de horeca","publisher":{"@id":"https:\/\/place-add.nl\/de\/#organization"},"potentialAction":[{"@type":"SearchAction","target":{"@type":"EntryPoint","urlTemplate":"https:\/\/place-add.nl\/de\/?s={search_term_string}"},"query-input":{"@type":"PropertyValueSpecification","valueRequired":true,"valueName":"search_term_string"}}],"inLanguage":"de"},{"@type":"Organization","@id":"https:\/\/place-add.nl\/de\/#organization","name":"Place Add","url":"https:\/\/place-add.nl\/de\/","logo":{"@type":"ImageObject","inLanguage":"de","@id":"https:\/\/place-add.nl\/de\/#\/schema\/logo\/image\/","url":"https:\/\/place-add.nl\/wp-content\/uploads\/2023\/11\/logo-img-place-add.png","contentUrl":"https:\/\/place-add.nl\/wp-content\/uploads\/2023\/11\/logo-img-place-add.png","width":404,"height":106,"caption":"Place Add"},"image":{"@id":"https:\/\/place-add.nl\/de\/#\/schema\/logo\/image\/"},"sameAs":["https:\/\/www.facebook.com\/PlaceAdd\/","https:\/\/www.instagram.com\/place_add\/","https:\/\/www.youtube.com\/@placeadd"]}]}},"_links":{"self":[{"href":"https:\/\/place-add.nl\/de\/wp-json\/wp\/v2\/product\/43132","targetHints":{"allow":["GET"]}}],"collection":[{"href":"https:\/\/place-add.nl\/de\/wp-json\/wp\/v2\/product"}],"about":[{"href":"https:\/\/place-add.nl\/de\/wp-json\/wp\/v2\/types\/product"}],"wp:featuredmedia":[{"embeddable":true,"href":"https:\/\/place-add.nl\/de\/wp-json\/wp\/v2\/media\/40672"}],"wp:attachment":[{"href":"https:\/\/place-add.nl\/de\/wp-json\/wp\/v2\/media?parent=43132"}],"wp:term":[{"taxonomy":"product_brand","embeddable":true,"href":"https:\/\/place-add.nl\/de\/wp-json\/wp\/v2\/product_brand?post=43132"},{"taxonomy":"product_cat","embeddable":true,"href":"https:\/\/place-add.nl\/de\/wp-json\/wp\/v2\/product_cat?post=43132"},{"taxonomy":"product_tag","embeddable":true,"href":"https:\/\/place-add.nl\/de\/wp-json\/wp\/v2\/product_tag?post=43132"}],"curies":[{"name":"wp","href":"https:\/\/api.w.org\/{rel}","templated":true}]}}